{"id":21,"date":"2011-04-24T18:19:47","date_gmt":"2011-04-24T18:19:47","guid":{"rendered":"http:\/\/www.kleinekapelle.de\/wp\/?page_id=21"},"modified":"2016-06-02T23:21:12","modified_gmt":"2016-06-02T21:21:12","slug":"musik-fur-daheim","status":"publish","type":"page","link":"https:\/\/www.kleinekapelle.de\/wp\/?page_id=21","title":{"rendered":"Musik f\u00fcr daheim"},"content":{"rendered":"<p>&nbsp;<\/p>\n<p>&nbsp;<\/p>\n<h2 style=\"text-align: center;\">Diskografie<\/h2>\n<p style=\"text-align: center;\"><a href=\"http:\/\/www.kleinekapelle.de\/wp\/wp-content\/uploads\/2011\/04\/Vol6-DeinLinkesOhr.jpg\"><img loading=\"lazy\" decoding=\"async\" class=\"size-full wp-image-167 aligncenter\" title=\"Vol6-DeinLinkesOhr\" alt=\"\" src=\"http:\/\/www.kleinekapelle.de\/wp\/wp-content\/uploads\/2011\/04\/Vol6-DeinLinkesOhr.jpg\" width=\"292\" height=\"306\" srcset=\"https:\/\/www.kleinekapelle.de\/wp\/wp-content\/uploads\/2011\/04\/Vol6-DeinLinkesOhr.jpg 417w, https:\/\/www.kleinekapelle.de\/wp\/wp-content\/uploads\/2011\/04\/Vol6-DeinLinkesOhr-286x300.jpg 286w\" sizes=\"auto, (max-width: 292px) 100vw, 292px\" \/><\/a><\/p>\n<p style=\"text-align: center;\"><strong>Vol. 6 : Dein linkes Ohr<\/strong> mit Catherine Grigull, Dirk Matth\u00e4us,<br \/>\nG\u00fcnter Schickert, Peter Zastrow, J\u00f6rg Wedepohl, Jochen A. Liedtke<\/p>\n<p>&nbsp;<\/p>\n<p style=\"text-align: center;\"><img loading=\"lazy\" decoding=\"async\" class=\"aligncenter size-full wp-image-166\" title=\"vol5_Tanzbilleti\" alt=\"\" src=\"http:\/\/www.kleinekapelle.de\/wp\/wp-content\/uploads\/2011\/04\/vol5_Tanzbilleti.jpg\" width=\"270\" height=\"270\" srcset=\"https:\/\/www.kleinekapelle.de\/wp\/wp-content\/uploads\/2011\/04\/vol5_Tanzbilleti.jpg 270w, https:\/\/www.kleinekapelle.de\/wp\/wp-content\/uploads\/2011\/04\/vol5_Tanzbilleti-150x150.jpg 150w\" sizes=\"auto, (max-width: 270px) 100vw, 270px\" \/><\/p>\n<p style=\"text-align: center;\"><strong>Vol. 5 : Tanzbillet <\/strong>mit Catherine Grigull, Jochen A. Liedtke, Dirk Matth\u00e4us,<br \/>\nG\u00fcnter Schickert, J\u00f6rg Wedepohl<\/p>\n<p style=\"text-align: center;\"><img loading=\"lazy\" decoding=\"async\" class=\"aligncenter size-full wp-image-165\" title=\" Vol 4 Der Liebe Wellenschlag\" alt=\"\" src=\"http:\/\/www.kleinekapelle.de\/wp\/wp-content\/uploads\/2011\/04\/vol4_DerLiebeWellenschlag.jpg\" width=\"280\" height=\"285\" \/><strong> <\/strong><\/p>\n<p style=\"text-align: center;\"><strong>Vol. 4 : Der Liebe Wellenschlag<\/strong> mit Catherine Grigull, Christian G\u00fcnther,<br \/>\nJochen A. Liedtke, Dirk Matth\u00e4us, G\u00fcnter Schickert, J\u00f6rg Wedepohl<\/p>\n<p>&nbsp;<\/p>\n<p style=\"text-align: center;\"><img loading=\"lazy\" decoding=\"async\" class=\"size-full wp-image-86 alignnone\" title=\"Die Kleine Kapelle \u2013 Vol. 3 \" alt=\"\" src=\"http:\/\/www.kleinekapelle.de\/wp\/wp-content\/uploads\/2011\/04\/cdvol3.gif\" width=\"158\" height=\"153\" \/><strong> <\/strong><\/p>\n<p style=\"text-align: center;\"><strong>Vol. 3 : 2000<\/strong> mit Catherine Grigull, Christian G\u00fcnther, Dirk Matth\u00e4us,<br \/>\nG\u00fcnter Schickert, J\u00f6rg Wedepohl, Jochen A. Liedtke<\/p>\n<p style=\"text-align: center;\"><strong> <\/strong><img loading=\"lazy\" decoding=\"async\" class=\"alignnone\" title=\"Die Kleine Kapelle - Vol. 2\" alt=\"\" src=\"http:\/\/www.kleinekapelle.de\/picts\/vol2.jpg\" width=\"125\" height=\"200\" \/><br \/>\n<strong>Vol. 2 : 1999 (vergriffen) <\/strong>mit Catherine Grigull, Christian G\u00fcnther,<br \/>\nJochen A. Liedtke, Jim Lusted, G\u00fcnther Schickert, Heiner Weiss<\/p>\n<p style=\"text-align: center;\"><a href=\"http:\/\/www.kleinekapelle.de\/wp\/wp-content\/uploads\/2011\/04\/vol1.jpg\"><img loading=\"lazy\" decoding=\"async\" class=\"size-full wp-image-152\" title=\"Die Kleine Kapelle Vol. 1\" alt=\"\" src=\"http:\/\/www.kleinekapelle.de\/wp\/wp-content\/uploads\/2011\/04\/vol1.jpg\" width=\"124\" height=\"200\" \/><\/a><\/p>\n<p style=\"text-align: center;\"><strong>Vol 1 : 1996 (vergriffen) <\/strong>live im Chunk bei Jim Lusteds <em>monolog<\/em>;<br \/>\nmit Jochen A. Liedtke, Christian G\u00fcnther, Ulrich Reuhl, J\u00f6rg Wilitzki<\/p>\n","protected":false},"excerpt":{"rendered":"<p>&nbsp; &nbsp; Diskografie Vol. 6 : Dein linkes Ohr mit Catherine Grigull, Dirk Matth\u00e4us, G\u00fcnter Schickert, Peter Zastrow, J\u00f6rg Wedepohl, Jochen A. Liedtke &nbsp; Vol. 5 : Tanzbillet mit Catherine Grigull, Jochen A. Liedtke, Dirk Matth\u00e4us, G\u00fcnter Schickert, J\u00f6rg Wedepohl Vol. 4 : Der Liebe Wellenschlag mit Catherine Grigull, Christian G\u00fcnther, Jochen A. Liedtke, Dirk &hellip; <\/p>\n<p class=\"link-more\"><a href=\"https:\/\/www.kleinekapelle.de\/wp\/?page_id=21\" class=\"more-link\"><span class=\"screen-reader-text\">\u201eMusik f\u00fcr daheim\u201c <\/span>weiterlesen<\/a><\/p>\n","protected":false},"author":1,"featured_media":0,"parent":2,"menu_order":0,"comment_status":"open","ping_status":"open","template":"","meta":{"footnotes":""},"class_list":["post-21","page","type-page","status-publish","hentry","entry"],"_links":{"self":[{"href":"https:\/\/www.kleinekapelle.de\/wp\/index.php?rest_route=\/wp\/v2\/pages\/21","targetHints":{"allow":["GET"]}}],"collection":[{"href":"https:\/\/www.kleinekapelle.de\/wp\/index.php?rest_route=\/wp\/v2\/pages"}],"about":[{"href":"https:\/\/www.kleinekapelle.de\/wp\/index.php?rest_route=\/wp\/v2\/types\/page"}],"author":[{"embeddable":true,"href":"https:\/\/www.kleinekapelle.de\/wp\/index.php?rest_route=\/wp\/v2\/users\/1"}],"replies":[{"embeddable":true,"href":"https:\/\/www.kleinekapelle.de\/wp\/index.php?rest_route=%2Fwp%2Fv2%2Fcomments&post=21"}],"version-history":[{"count":79,"href":"https:\/\/www.kleinekapelle.de\/wp\/index.php?rest_route=\/wp\/v2\/pages\/21\/revisions"}],"predecessor-version":[{"id":751,"href":"https:\/\/www.kleinekapelle.de\/wp\/index.php?rest_route=\/wp\/v2\/pages\/21\/revisions\/751"}],"up":[{"embeddable":true,"href":"https:\/\/www.kleinekapelle.de\/wp\/index.php?rest_route=\/wp\/v2\/pages\/2"}],"wp:attachment":[{"href":"https:\/\/www.kleinekapelle.de\/wp\/index.php?rest_route=%2Fwp%2Fv2%2Fmedia&parent=21"}],"curies":[{"name":"wp","href":"https:\/\/api.w.org\/{rel}","templated":true}]}}